{"id":3662,"date":"2023-05-22T15:27:07","date_gmt":"2023-05-22T13:27:07","guid":{"rendered":"https:\/\/www.camping-serendipite.fr\/accueil\/"},"modified":"2025-03-15T17:33:33","modified_gmt":"2025-03-15T16:33:33","slug":"accueil","status":"publish","type":"page","link":"https:\/\/www.camping-serendipite.fr\/es\/","title":{"rendered":"Inicio"},"content":{"rendered":"<section id=\"ls-section-block_b938cde850f20ae5aba16b92077bf841\" class=\"ls-section  home-intro fond-one\" >\r\n        <div class=\"container container--wide\">\r\n        \n\n<div class=\"wp-block-columns is-layout-flex wp-container-core-columns-is-layout-9d6595d7 wp-block-columns-is-layout-flex\">\n<div class=\"wp-block-column left is-layout-flow wp-block-column-is-layout-flow\" style=\"flex-basis:55%\">\n<figure class=\"wp-block-image size-full\"><img decoding=\"async\" width=\"800\" height=\"600\" src=\"https:\/\/www.camping-serendipite.fr\/wp-content\/uploads\/2023\/05\/camping-serendipite-un-camping-nature-dans-le-cantal.webp\" alt=\"camping naturaleza cerca del parque natural de aubrac\" class=\"wp-image-250\" srcset=\"https:\/\/www.camping-serendipite.fr\/wp-content\/uploads\/2023\/05\/camping-serendipite-un-camping-nature-dans-le-cantal.webp 800w, https:\/\/www.camping-serendipite.fr\/wp-content\/uploads\/2023\/05\/camping-serendipite-un-camping-nature-dans-le-cantal-300x225.webp 300w, https:\/\/www.camping-serendipite.fr\/wp-content\/uploads\/2023\/05\/camping-serendipite-un-camping-nature-dans-le-cantal-768x576.webp 768w\" sizes=\"(max-width: 800px) 100vw, 800px\" \/><\/figure>\n\n\n\n<p class=\"ls-paragraph has-text-align-left has-small-font-size\">Somos C\u00e9lia y Eric, los responsables del camping. Estaremos encantados <\/p>\n\n\n\n<p class=\"ls-paragraph has-text-align-left has-small-font-size\">Esperamos recibirte pronto, con nuestras mascotas: \u00a1T\u00e9lica, Ra\u00edces y Nazca!<\/p>\n<\/div>\n\n\n\n<div class=\"wp-block-column right is-layout-flow wp-block-column-is-layout-flow\" style=\"flex-basis:45%\">\n<h1 class=\"ls__heading wp-block-heading deco\"><br\/>Camping naturaleza ideal <strong>Para descubrir el Cantal<\/strong><\/h1>\n\n\n\n<p class=\"ls-paragraph\">Serendipia significa hacer un descubrimiento inesperado. Este camping fue nuestra serendipia, \u00bfy si se convirtiera en la tuya? Para averiguarlo, \u00a1ven a alojarte en un <strong>entorno aut\u00e9ntico<\/strong> y vive al ritmo de la naturaleza en <strong>el Camping S\u00e9rendipit\u00e9<\/strong>!  <\/p>\n\n\n\n<p class=\"ls-paragraph\">Nuestro<strong> camping de 3 estrellas en el Cantal est\u00e1 lleno de \u00e1rboles<\/strong>. Aqu\u00ed s\u00f3lo se oye el canto de los p\u00e1jaros y disfrutamos de una vista sublime del valle del Truy\u00e8re y del t\u00edpico pueblo de Neuv\u00e9glise. El camping est\u00e1 rodeado de prados, donde hay vacas y caballos.   Estamos en un<strong> entorno muy natural<\/strong> pero no aislado, \u00a1lo que lo convierte en un aut\u00e9ntico para\u00edso!<\/p>\n\n\n\n<p class=\"ls-paragraph\">Nuestro peque\u00f1o y acogedor camping ofrece 35 parcelas descubiertas, 9 chal\u00e9s sin instalaciones sanitarias y 2 ins\u00f3litas caba\u00f1as con todas las comodidades. Tambi\u00e9n disponemos de instalaciones sanitarias totalmente nuevas y equipadas con todo lo necesario para personas con movilidad reducida, beb\u00e9s y ni\u00f1os, con cub\u00edculos espec\u00edficos. <\/p>\n\n\n\n<figure class=\"wp-block-image size-full accueil animated fadeInUp delay-100ms slow\"><a href=\"https:\/\/www.camping-serendipite.fr\/wp-content\/uploads\/2024\/05\/retouche-photos.png\"><img decoding=\"async\" width=\"1080\" height=\"1080\" src=\"https:\/\/www.camping-serendipite.fr\/wp-content\/uploads\/2024\/05\/retouche-photos.png\" alt=\"retoque fotogr&#xE1;fico\" class=\"wp-image-2958\" style=\"aspect-ratio:1;object-fit:cover\" srcset=\"https:\/\/www.camping-serendipite.fr\/wp-content\/uploads\/2024\/05\/retouche-photos.png 1080w, https:\/\/www.camping-serendipite.fr\/wp-content\/uploads\/2024\/05\/retouche-photos-300x300.png 300w, https:\/\/www.camping-serendipite.fr\/wp-content\/uploads\/2024\/05\/retouche-photos-1024x1024.png 1024w, https:\/\/www.camping-serendipite.fr\/wp-content\/uploads\/2024\/05\/retouche-photos-150x150.png 150w, https:\/\/www.camping-serendipite.fr\/wp-content\/uploads\/2024\/05\/retouche-photos-768x768.png 768w\" sizes=\"(max-width: 1080px) 100vw, 1080px\" \/><\/a><\/figure>\n<\/div>\n<\/div>\n\n\n\n<p class=\"ls-paragraph has-text-align-left\"><\/p>\n\n\n\n<div id=\"ls-heading ls-titre-div-block_c67245d067f22f8b81a51b8d5e8e02d2\" class=\"ls-titre-div aligncenter h2-like has-m-t m-t-10\" >\n    \u00a1Recarga tus pilas y recarga tus bater\u00edas!<\/div>\n\n\r\n    <\/div>\r\n<\/section><section id=\"ls-section-block_edda0028ec471da84ea737b41f5b1902\" class=\"ls-section  home-ecologie-image home-ecologie has-parallax\" >\r\n        <div class=\"container container--full\">\r\n        \n\n<div class=\"wp-block-columns is-layout-flex wp-container-core-columns-is-layout-9d6595d7 wp-block-columns-is-layout-flex\">\n<div class=\"wp-block-column is-vertically-aligned-center first is-layout-flow wp-block-column-is-layout-flow\">\n<div id=\"ls-heading ls-titre-div-block_37b278ec0bdce9ec9ac2b9336086765b\" class=\"ls-titre-div titre-blob aligncenter h2-like has-text-color has-color-2-color\" >\n    <\/br>\u00a1El respeto a la naturaleza en el coraz\u00f3n de tus vacaciones!<\/div>\n<\/div>\n\n\n\n<div class=\"wp-block-column second has-color-1-background-color has-background is-layout-flow wp-block-column-is-layout-flow\" style=\"flex-basis:60%\">\n<h2 class=\"ls__heading wp-block-heading has-text-align-center deco-center\">Nuestro compromiso con el medio ambiente <strong>en el camping<\/strong><\/h2>\n\n\n\n<p class=\"ls-paragraph\"><strong> <\/strong>Nos comprometemos a gestionar nuestro camping de la forma m\u00e1s <a href=\"https:\/\/www.camping-serendipite.fr\/es\/camping-ecologico-cantal\/\">ecol\u00f3gica<\/a> posible: no es una cuesti\u00f3n de moda, sino de convicci\u00f3n personal.  <\/p>\n\n\n\n<p class=\"ls-paragraph\">Nuestros compromisos van desde la <strong>gesti\u00f3n de residuos<\/strong> y la <strong>reducci\u00f3n del consumo de energ\u00eda<\/strong> hasta la <strong>elecci\u00f3n de nuestros proveedores<\/strong> (productos de limpieza ecocertificados, alojamientos fabricados en Francia de forma responsable, etc.).  <\/p>\n\n\n\n<p class=\"ls-paragraph has-text-align-left\">Tambi\u00e9n favorecemos los <strong>circuitos cortos<\/strong> para nuestros comestibles y tentempi\u00e9s, dando prioridad a los productores locales y\/o ecol\u00f3gicos.<\/p>\n\n\n\n<p class=\"ls-paragraph has-text-align-left\">Adem\u00e1s, <strong>concienciamos a nuestros clientes sobre la importancia de la ecolog\u00eda<\/strong> y el<strong> respeto al medio ambiente <\/strong>(tanto en el camping como en los alrededores).<\/p>\n\n\n\n<div class=\"wp-block-columns last is-layout-flex wp-container-core-columns-is-layout-9d6595d7 wp-block-columns-is-layout-flex\">\n<div class=\"wp-block-column is-vertically-aligned-bottom animated fadeInUp delay-100ms slow is-layout-flow wp-block-column-is-layout-flow\"><div class=\"wp-block-image\">\n<figure class=\"aligncenter size-full\"><img decoding=\"async\" width=\"129\" height=\"135\" src=\"https:\/\/www.camping-serendipite.fr\/wp-content\/uploads\/2023\/05\/camping-serendipite-gestion-des-dechets.webp\" alt=\"gesti&#xF3;n de residuos del camping cantal\" class=\"wp-image-331\"\/><\/figure>\n<\/div>\n\n\n<p class=\"ls-paragraph has-text-align-center\">Gesti\u00f3n de residuos<\/p>\n<\/div>\n\n\n\n<div class=\"wp-block-column is-vertically-aligned-bottom animated fadeInUp delay-200ms slow is-layout-flow wp-block-column-is-layout-flow\"><div class=\"wp-block-image\">\n<figure class=\"aligncenter size-full\"><img decoding=\"async\" width=\"107\" height=\"118\" src=\"https:\/\/www.camping-serendipite.fr\/wp-content\/uploads\/2023\/05\/camping-serendipite-locatifs-responsables-1.webp\" alt=\"camping cantal alojamiento ecorresponsable\" class=\"wp-image-337\"\/><\/figure>\n<\/div>\n\n\n<p class=\"ls-paragraph has-text-align-center\">Alojamiento responsable<\/p>\n<\/div>\n\n\n\n<div class=\"wp-block-column is-vertically-aligned-bottom animated fadeInUp delay-500ms slow is-layout-flow wp-block-column-is-layout-flow\"><div class=\"wp-block-image\">\n<figure class=\"aligncenter size-full\"><img decoding=\"async\" width=\"118\" height=\"118\" src=\"https:\/\/www.camping-serendipite.fr\/wp-content\/uploads\/2023\/05\/camping-serendipite-pas-de-piscine.webp\" alt=\"camping auvergne ahorro de agua\" class=\"wp-image-335\"\/><\/figure>\n<\/div>\n\n\n<p class=\"ls-paragraph has-text-align-center\">No hay piscina<\/p>\n<\/div>\n<\/div>\n\n\n    <a href=\"https:\/\/www.camping-serendipite.fr\/es\/camping-ecologico-cantal\/\" id=\"ls-button-block_2021255e6ac7d3cb64612c82d24bb741\" target=\"\" rel=\"\" class=\"ls-button white aligncenter\"><span>Descubre nuestras acciones<\/span> <i class=\"serendipite-feuille_CTA_vert\"><\/i><\/a>\n<\/div>\n<\/div>\n\n\r\n    <\/div>\r\n<\/section><section id=\"ls-section-block_38a6e28d58e1f1b2fff96b6b33b3e636\" class=\"ls-section  home-saisons has-p-t p-t-14 has-p-b p-b-4\" >\r\n        <div class=\"container container--full\">\r\n        \n\n<div class=\"wp-block-columns is-layout-flex wp-container-core-columns-is-layout-9d6595d7 wp-block-columns-is-layout-flex\">\n<div class=\"wp-block-column is-vertically-aligned-center left is-layout-flow wp-block-column-is-layout-flow\" style=\"flex-basis:30%\">\n<h2 class=\"ls__heading wp-block-heading deco\"><br\/>Tus vacaciones en todas las estaciones <strong>en un camping en el Cantal<\/strong><\/h2>\n\n\n\n<p class=\"ls-paragraph\">\u00a1El camping est\u00e1 <a href=\"https:\/\/www.camping-serendipite.fr\/es\/camping-abierto-ano-cantal\/\">abierto todo el a\u00f1o<\/a>! Nuestro hermoso departamento tiene algo para mantenerte ocupado en <strong>cada estaci\u00f3n<\/strong>: en primavera y verano puedes recorrer las rutas de senderismo, y en oto\u00f1o e invierno puedes <strong>descubrir la estaci\u00f3n de esqu\u00ed<\/strong> o hacer excursiones con raquetas de nieve.<\/p>\n\n\n\n<p class=\"ls-paragraph\">Tambi\u00e9n estamos en una zona conocida por escuchar la berrea del ciervo en septiembre-octubre, as\u00ed como por <strong>los aficionados a la pesca<\/strong> de marzo a septiembre.<\/p>\n\n\n\n<p class=\"ls-paragraph\">Adem\u00e1s, hay un<strong> balneario <\/strong>a menos de 15 minutos del camping, para que puedas cuidar tu salud mientras descubres nuestra magn\u00edfica regi\u00f3n.<\/p>\n\n\n\n<div class=\"wp-block-columns is-layout-flex wp-container-core-columns-is-layout-9d6595d7 wp-block-columns-is-layout-flex\">\n<div class=\"wp-block-column is-layout-flow wp-block-column-is-layout-flow\">    <a href=\"https:\/\/www.camping-serendipite.fr\/es\/camping-abierto-ano-cantal\/#thermes\" id=\"ls-button-block_37e5d8aec4229eeba897d6b9eea7d100\" target=\"\" rel=\"\" class=\"ls-button\"><span>Curas t\u00e9rmicas<\/span> <i class=\"serendipite-feuille_CTA_vert\"><\/i><\/a>\n<\/div>\n\n\n\n<div class=\"wp-block-column is-layout-flow wp-block-column-is-layout-flow\">    <a href=\"https:\/\/www.camping-serendipite.fr\/es\/camping-abierto-ano-cantal\/#ski\" id=\"ls-button-block_4f7f4394fdbe1c7bbfcb8838ca16a8af\" target=\"\" rel=\"\" class=\"ls-button\"><span>Actividades de esqu\u00ed<\/span> <i class=\"serendipite-feuille_CTA_vert\"><\/i><\/a>\n<\/div>\n<\/div>\n<\/div>\n\n\n\n<div class=\"wp-block-column right is-layout-flow wp-block-column-is-layout-flow\" style=\"flex-basis:70%\">\n<div class=\"wp-block-columns is-layout-flex wp-container-core-columns-is-layout-9d6595d7 wp-block-columns-is-layout-flex\">\n<div class=\"wp-block-column slider-saisons is-layout-flow wp-block-column-is-layout-flow\">\n<figure class=\"wp-block-image size-full\"><img decoding=\"async\" width=\"800\" height=\"533\" src=\"https:\/\/www.camping-serendipite.fr\/wp-content\/uploads\/2023\/05\/camping-serendipite-pour-vos-vacance-en-hiver.webp\" alt=\"vacaciones de esqu&#xED; en camping toda la temporada\" class=\"wp-image-266\" srcset=\"https:\/\/www.camping-serendipite.fr\/wp-content\/uploads\/2023\/05\/camping-serendipite-pour-vos-vacance-en-hiver.webp 800w, https:\/\/www.camping-serendipite.fr\/wp-content\/uploads\/2023\/05\/camping-serendipite-pour-vos-vacance-en-hiver-300x200.webp 300w, https:\/\/www.camping-serendipite.fr\/wp-content\/uploads\/2023\/05\/camping-serendipite-pour-vos-vacance-en-hiver-768x512.webp 768w\" sizes=\"(max-width: 800px) 100vw, 800px\" \/><\/figure>\n\n\n\n<figure class=\"wp-block-image size-full\"><img decoding=\"async\" width=\"800\" height=\"533\" src=\"https:\/\/www.camping-serendipite.fr\/wp-content\/uploads\/2023\/05\/camping-serendipite-pour-vos-vacance-en-ete.webp\" alt=\"camping nature gargantas de la truyere\" class=\"wp-image-268\" srcset=\"https:\/\/www.camping-serendipite.fr\/wp-content\/uploads\/2023\/05\/camping-serendipite-pour-vos-vacance-en-ete.webp 800w, https:\/\/www.camping-serendipite.fr\/wp-content\/uploads\/2023\/05\/camping-serendipite-pour-vos-vacance-en-ete-300x200.webp 300w, https:\/\/www.camping-serendipite.fr\/wp-content\/uploads\/2023\/05\/camping-serendipite-pour-vos-vacance-en-ete-768x512.webp 768w\" sizes=\"(max-width: 800px) 100vw, 800px\" \/><\/figure>\n<\/div>\n<\/div>\n<\/div>\n<\/div>\n\n\r\n    <\/div>\r\n<\/section><section id=\"ls-section-block_0e0a6be93b44df8d7856991aa3c14f3a\" class=\"ls-section  home-nature  fond-two has-p-t p-t-0\" >\r\n        <div class=\"container container--full\">\r\n        \n\n<div id=\"ls-heading ls-titre-div-block_6840711e9fc5e04c71b13af9581128fc\" class=\"ls-titre-div aligncenter h2-like has-p-b p-b-7\" >\n    Esc\u00e1pate al camping S\u00e9rendipit\u00e9<\/div>\n\n\n\n<div class=\"wp-block-columns parent is-layout-flex wp-container-core-columns-is-layout-9d6595d7 wp-block-columns-is-layout-flex\">\n<div class=\"wp-block-column first is-layout-flow wp-block-column-is-layout-flow\" style=\"flex-basis:60%\">\n<figure class=\"wp-block-image size-large\"><img decoding=\"async\" width=\"1024\" height=\"768\" src=\"https:\/\/www.camping-serendipite.fr\/wp-content\/uploads\/2023\/06\/camping-serendipite-un-camping-nature-1024x768.webp\" alt=\"camping ecol&#xF3;gico familiar\" class=\"wp-image-394\" srcset=\"https:\/\/www.camping-serendipite.fr\/wp-content\/uploads\/2023\/06\/camping-serendipite-un-camping-nature-1024x768.webp 1024w, https:\/\/www.camping-serendipite.fr\/wp-content\/uploads\/2023\/06\/camping-serendipite-un-camping-nature-300x225.webp 300w, https:\/\/www.camping-serendipite.fr\/wp-content\/uploads\/2023\/06\/camping-serendipite-un-camping-nature-768x576.webp 768w, https:\/\/www.camping-serendipite.fr\/wp-content\/uploads\/2023\/06\/camping-serendipite-un-camping-nature.webp 1122w\" sizes=\"(max-width: 1024px) 100vw, 1024px\" \/><\/figure>\n<\/div>\n\n\n\n<div class=\"wp-block-column second is-layout-flow wp-block-column-is-layout-flow\" style=\"flex-basis:40%\">\n<h2 class=\"ls__heading wp-block-heading has-text-align-center deco-center\"><br\/>Camping naturaleza cerca de<strong>los volcanes de Auvernia<\/strong><\/h2>\n\n\n\n<div class=\"wp-block-columns is-layout-flex wp-container-core-columns-is-layout-9d6595d7 wp-block-columns-is-layout-flex\">\n<div class=\"wp-block-column animated fadeInUp delay-100ms slow is-layout-flow wp-block-column-is-layout-flow\"><div class=\"wp-block-image\">\n<figure class=\"aligncenter size-large\"><img decoding=\"async\" width=\"114\" height=\"97\" src=\"https:\/\/www.camping-serendipite.fr\/wp-content\/uploads\/2023\/06\/snack.svg\" alt=\"camping cantal merienda\" class=\"wp-image-412\"\/><\/figure>\n<\/div>\n\n\n<p class=\"ls-paragraph has-text-align-center service\">Merienda<\/p>\n<\/div>\n\n\n\n<div class=\"wp-block-column animated fadeInUp delay-200ms slow is-layout-flow wp-block-column-is-layout-flow\"><div class=\"wp-block-image\">\n<figure class=\"aligncenter size-large\"><img decoding=\"async\" width=\"134\" height=\"97\" src=\"https:\/\/www.camping-serendipite.fr\/wp-content\/uploads\/2023\/06\/air_jeux.svg\" alt=\"camping familiar cantal air de jeux\" class=\"wp-image-414\"\/><\/figure>\n<\/div>\n\n\n<p class=\"ls-paragraph has-text-align-center service\">Zona de juegos<\/p>\n<\/div>\n\n\n\n<div class=\"wp-block-column animated fadeInUp delay-500ms slow is-layout-flow wp-block-column-is-layout-flow\"><div class=\"wp-block-image\">\n<figure class=\"aligncenter size-large\"><img decoding=\"async\" width=\"114\" height=\"102\" src=\"https:\/\/www.camping-serendipite.fr\/wp-content\/uploads\/2023\/06\/espace_commun.svg\" alt=\"zona com&#xFA;n del camping familiar\" class=\"wp-image-406\"\/><\/figure>\n<\/div>\n\n\n<p class=\"ls-paragraph has-text-align-center service\">Zona com\u00fan<\/p>\n<\/div>\n<\/div>\n\n\n\n<div class=\"wp-block-columns is-layout-flex wp-container-core-columns-is-layout-9d6595d7 wp-block-columns-is-layout-flex\">\n<div class=\"wp-block-column animated fadeInUp delay-100ms slow is-layout-flow wp-block-column-is-layout-flow\"><div class=\"wp-block-image\">\n<figure class=\"aligncenter size-large\"><img decoding=\"async\" width=\"114\" height=\"97\" src=\"https:\/\/www.camping-serendipite.fr\/wp-content\/uploads\/2023\/06\/laverie.svg\" alt=\"camping cantal lavander&#xED;a\" class=\"wp-image-408\"\/><\/figure>\n<\/div>\n\n\n<p class=\"ls-paragraph has-text-align-center service\">Lavander\u00eda<\/p>\n<\/div>\n\n\n\n<div class=\"wp-block-column animated fadeInUp delay-200ms slow is-layout-flow wp-block-column-is-layout-flow\"><div class=\"wp-block-image\">\n<figure class=\"aligncenter size-large\"><img decoding=\"async\" width=\"116\" height=\"100\" src=\"https:\/\/www.camping-serendipite.fr\/wp-content\/uploads\/2023\/06\/animal.svg\" alt=\"camping cantal se admiten animales\" class=\"wp-image-416\"\/><\/figure>\n<\/div>\n\n\n<p class=\"ls-paragraph has-text-align-center service\">Mascotas<\/p>\n<\/div>\n\n\n\n<div class=\"wp-block-column animated fadeInUp delay-500ms slow is-layout-flow wp-block-column-is-layout-flow\"><div class=\"wp-block-image\">\n<figure class=\"aligncenter size-large\"><img decoding=\"async\" width=\"114\" height=\"97\" src=\"https:\/\/www.camping-serendipite.fr\/wp-content\/uploads\/2023\/06\/pain.svg\" alt=\"camping auvergne pain\" class=\"wp-image-410\"\/><\/figure>\n<\/div>\n\n\n<p class=\"ls-paragraph has-text-align-center service\">Dep\u00f3sito de pan<\/p>\n<\/div>\n<\/div>\n\n\n    <a href=\"https:\/\/www.camping-serendipite.fr\/es\/camping-familiar-cantal\/\" id=\"ls-button-block_4fb6ae7ec32521a5ed193c1117d073ae\" target=\"\" rel=\"\" class=\"ls-button aligncenter has-m-t m-t-6\"><span>Descubre el camping<\/span> <i class=\"serendipite-feuille_CTA_vert\"><\/i><\/a>\n<\/div>\n<\/div>\n\n\r\n    <\/div>\r\n<\/section><section id=\"ls-section-block_d2cf2e330cf4abc6039dde3b78d72781\" class=\"ls-section  home-hebergement has-p-t p-t-0\" >\r\n        <div class=\"container container--full\">\r\n        \n\n<h2 class=\"ls__heading wp-block-heading has-text-align-center deco-center\">Alquila tu alojamiento <strong>en el Cantal<\/strong><\/h2>\n\n\n\n<div class=\"wp-block-columns first is-layout-flex wp-container-core-columns-is-layout-9d6595d7 wp-block-columns-is-layout-flex\">\n<div class=\"wp-block-column is-layout-flow wp-block-column-is-layout-flow\">\n<p class=\"ls-paragraph\">No dudes en<a href=\"https:\/\/www.camping-serendipite.fr\/es\/alquiler-alojamiento-cantal\/\"> alquilar tu alojamiento en el Cantal<\/a> en el camping S\u00e9rendipit\u00e9, tenemos para todos los gustos:<\/p>\n\n\n\n<ul class=\"ls-list ls-list-undefined wp-block-list center\">\n<li><strong>chalets confortables<\/strong> con un ambiente sencillo, aut\u00e9ntico y familiar<\/li>\n\n\n\n<li><strong>Pods ins\u00f3litos<\/strong> para una estancia inolvidable y original en un peque\u00f1o capullo  <\/li>\n\n\n\n<li><a href=\"https:\/\/www.camping-serendipite.fr\/es\/alquiler-ubicacion-cantal\/\">Parcelas descubiertas para caravanas<\/a> cerca de la naturaleza, \u00a1para los amantes del camping de verdad!<\/li>\n<\/ul>\n<\/div>\n\n\n\n<div class=\"wp-block-column is-layout-flow wp-block-column-is-layout-flow\">\n<p class=\"ls-paragraph\">Hay para todos los gustos, y tenemos todo lo que necesitas para que tus vacaciones sean como t\u00fa quieres.  <\/p>\n\n\n\n<p class=\"ls-paragraph\">Elijas lo que elijas, te despertar\u00e1s con unas vistas magn\u00edficas del valle, tras haber pasado una noche de descanso en el marco incomparable del <a href=\"https:\/\/www.camping-serendipite.fr\/es\/camping-barato-cantal\/\">camping con mejor relaci\u00f3n calidad-precio del Cantal<\/a>.<\/p>\n<\/div>\n<\/div>\n\n\n\n<div class=\"wp-block-columns second is-layout-flex wp-container-core-columns-is-layout-9d6595d7 wp-block-columns-is-layout-flex\">\n<div class=\"wp-block-column animated fadeInUp delay-100ms slow is-layout-flow wp-block-column-is-layout-flow\">\r\n<div id=\"ls-cta-block_be7bc29039b3e8f6f2ec5fb466c09a20\" class=\"ls-cta\">  \r\n    \n\n<a href=\"https:\/\/www.camping-serendipite.fr\/es\/alquiler-alojamiento-cantal\/#pods\" target=\"\" rel=\"noopener\" class=\"ls-cta__link\">\n\n\t<div class=\"ls-cta__image\"><img decoding=\"async\" src=\"https:\/\/www.camping-serendipite.fr\/wp-content\/uploads\/2025\/02\/Serendipite-FLORIAN-BOMPAN-215-1-1-1-1-min-compressed-768x512.jpg\" alt=\"\"><\/div>\n\t<div class=\"ls-cta__title\">\n\t\t<p>Nuestro alojamiento ins\u00f3lito<\/p>\n\t<\/div>\n\n\t\t\n<\/a><\/div><\/div>\n\n\n\n<div class=\"wp-block-column animated fadeInUp delay-200ms slow is-layout-flow wp-block-column-is-layout-flow\">\r\n<div id=\"ls-cta-block_9082e965deee63e5e416bf45b48ddda9\" class=\"ls-cta\">  \r\n    \n\n<a href=\"https:\/\/www.camping-serendipite.fr\/es\/alquiler-alojamiento-cantal\/\" target=\"\" rel=\"noopener\" class=\"ls-cta__link\">\n\n\t<div class=\"ls-cta__image\"><img decoding=\"async\" src=\"https:\/\/www.camping-serendipite.fr\/wp-content\/uploads\/2023\/06\/camping-serendipite-les-chalets-768x576.webp\" alt=\"camping cantal chalets pas cher\"><\/div>\n\t<div class=\"ls-cta__title\">\n\t\t<p>Nuestro alojamiento<\/p>\n\t<\/div>\n\n\t\t\n<\/a><\/div><\/div>\n\n\n\n<div class=\"wp-block-column animated fadeInUp delay-500ms slow is-layout-flow wp-block-column-is-layout-flow\">\r\n<div id=\"ls-cta-block_2efc040624600a98e8af17e49b48c9b5\" class=\"ls-cta\">  \r\n    \n\n<a href=\"https:\/\/www.camping-serendipite.fr\/es\/alquiler-ubicacion-cantal\/\" target=\"\" rel=\"noopener\" class=\"ls-cta__link\">\n\n\t<div class=\"ls-cta__image\"><img decoding=\"async\" src=\"https:\/\/www.camping-serendipite.fr\/wp-content\/uploads\/2023\/06\/camping-serendipite-les-emplacements-768x576.webp\" alt=\"camping cantal emplacement pas cher\"><\/div>\n\t<div class=\"ls-cta__title\">\n\t\t<p>Nuestras sedes<\/p>\n\t<\/div>\n\n\t\t\n<\/a><\/div><\/div>\n<\/div>\n\n\n    <a href=\"https:\/\/www.camping-serendipite.fr\/es\/camping-barato-cantal\/\" id=\"ls-button-block_9a50417028043e7b0ac4599ad8c1fe1d\" target=\"\" rel=\"\" class=\"ls-button aligncenter has-m-t m-t-6\"><span>Nuestras tarifas<\/span> <i class=\"serendipite-feuille_CTA_vert\"><\/i><\/a>\n\n\r\n    <\/div>\r\n<\/section><section id=\"ls-section-block_49ed0a47b0826ba8290e9e7fa11c4abd\" class=\"ls-section  home-decouverte fond-three\" >\r\n        <div class=\"container container--full\">\r\n        \n\n<div id=\"ls-heading ls-titre-div-block_1683a5d6f3889986a64ccdec630c9a23\" class=\"ls-titre-div deco-flower h2-like has-m-l m-l-3\" >\n    \u00a1Ven a respirar el Cantal!<\/div>\n\n\n\n<div class=\"wp-block-columns first is-layout-flex wp-container-core-columns-is-layout-9d6595d7 wp-block-columns-is-layout-flex\">\n<div class=\"wp-block-column animated fadeIn delay-100ms slow cta-1 is-layout-flow wp-block-column-is-layout-flow\" style=\"flex-basis:25%\">\r\n<div id=\"ls-cta-block_be3c429631b4e4216e68a9b8fc30e9c8\" class=\"ls-cta\">  \r\n    \n\n<a href=\"https:\/\/www.camping-serendipite.fr\/es\/turismo-gorges-truyere\/\" target=\"\" rel=\"noopener\" class=\"ls-cta__link\">\n\n\t<div class=\"ls-cta__image\"><img decoding=\"async\" src=\"https:\/\/www.camping-serendipite.fr\/wp-content\/uploads\/2023\/06\/camping-base-nautique-lanau-gorges-truyere-canoe-cantal-bateau-e1687334289109-768x575.webp\" alt=\"camping base nautique lanau gargantas truyere canoa cantal bateau\"><\/div>\n\t<div class=\"ls-cta__title\">\n\t\t<p>Gargantas de la Truy\u00e8re<\/p>\n\t<\/div>\n\n\t\t\n<\/a><\/div><\/div>\n\n\n\n<div class=\"wp-block-column animated fadeIn delay-200ms slow cta-2 is-layout-flow wp-block-column-is-layout-flow\" style=\"flex-basis:25%\">\r\n<div id=\"ls-cta-block_9cab7c0d27c14be1b54611ae7c21b036\" class=\"ls-cta\">  \r\n    \n\n<a href=\"https:\/\/www.camping-serendipite.fr\/es\/actividades-naturaleza-cantal\/#aubrac\" target=\"\" rel=\"noopener\" class=\"ls-cta__link\">\n\n\t<div class=\"ls-cta__image\"><img decoding=\"async\" src=\"https:\/\/www.camping-serendipite.fr\/wp-content\/uploads\/2023\/06\/camping-cantal-parc-naturel-aubrac-randonnee-e1687340421775-768x575.webp\" alt=\"camping cantal parc naturel aubrac randonnee\"><\/div>\n\t<div class=\"ls-cta__title\">\n\t\t<p>Parque Natural de Aubrac<\/p>\n\t<\/div>\n\n\t\t\n<\/a><\/div><\/div>\n\n\n\n<div class=\"wp-block-column text is-layout-flow wp-block-column-is-layout-flow\" style=\"flex-basis:50%\">\n<h2 class=\"ls__heading wp-block-heading deco\"><br\/>Descubre los <strong>lugares m\u00e1s<\/strong><strong>bonitos cerca del camping<\/strong><\/h2>\n\n\n\n<p class=\"ls-paragraph\">El camping S\u00e9rendipit\u00e9 goza <strong>de una ubicaci\u00f3n excepcional<\/strong>: est\u00e1 junto a las <a href=\"https:\/\/www.camping-serendipite.fr\/es\/turismo-gorges-truyere\/\">espl\u00e9ndidas gargantas del Truy\u00e8re<\/a>, pero adem\u00e1s est\u00e1 a dos pasos del<a href=\"https:\/\/www.camping-serendipite.fr\/es\/actividades-naturaleza-cantal\/#aubrac\"> parque regional de Aubrac<\/a> y del<strong> <\/strong><a href=\"https:\/\/www.camping-serendipite.fr\/es\/tourisme-cantal\/#volcan\">Parque Natural Regional de los Volcanes de Auvernia<\/a>. Esto lo convierte en un punto de partida ideal y estrat\u00e9gico para descubrir las maravillas de estos <strong>dos parques excepcionales<\/strong>, sin perder tiempo ni energ\u00eda cambiando de alojamiento: \u00a1es un aut\u00e9ntico campamento base! <\/p>\n\n\n\n<p class=\"ls-paragraph\">La<strong> incre\u00edble <\/strong>ciudad<strong> de Saint-Flour <\/strong>, ciudad de arte e historia con todas sus comodidades, est\u00e1 a s\u00f3lo 15 minutos.<\/p>\n<\/div>\n<\/div>\n\n\n\n<div class=\"wp-block-columns second is-layout-flex wp-container-core-columns-is-layout-9d6595d7 wp-block-columns-is-layout-flex\">\n<div class=\"wp-block-column one animated fadeIn delay-100ms slow is-layout-flow wp-block-column-is-layout-flow\" style=\"flex-basis:25%\">\r\n<div id=\"ls-cta-block_a31ae61147b9d39493c595fe76460105\" class=\"ls-cta\">  \r\n    \n\n<a href=\"https:\/\/www.camping-serendipite.fr\/es\/tourisme-cantal\/\" target=\"\" rel=\"noopener\" class=\"ls-cta__link\">\n\n\t<div class=\"ls-cta__image\"><img decoding=\"async\" src=\"https:\/\/www.camping-serendipite.fr\/wp-content\/uploads\/2023\/06\/camping-cantal-chateau-e1687416811450-768x384.webp\" alt=\"camping chateau de cantal\"><\/div>\n\t<div class=\"ls-cta__title\">\n\t\t<p>el paisaje cantal<\/p>\n\t<\/div>\n\n\t\t\n<\/a><\/div><\/div>\n\n\n\n<div class=\"wp-block-column two animated fadeIn delay-100ms slow is-layout-flow wp-block-column-is-layout-flow\" style=\"flex-basis:25%\">\r\n<div id=\"ls-cta-block_0063a9fad17a3ebf30084e8870e252ab\" class=\"ls-cta\">  \r\n    \n\n<a href=\"https:\/\/www.camping-serendipite.fr\/es\/tourisme-cantal\/#volcan\" target=\"\" rel=\"noopener\" class=\"ls-cta__link\">\n\n\t<div class=\"ls-cta__image\"><img decoding=\"async\" src=\"https:\/\/www.camping-serendipite.fr\/wp-content\/uploads\/2023\/06\/camping-cantal-volcans-768x512.webp\" alt=\"camping cantal volcans\"><\/div>\n\t<div class=\"ls-cta__title\">\n\t\t<p>los volcanes de auvernia<\/p>\n\t<\/div>\n\n\t\t\n<\/a><\/div><\/div>\n\n\n\n<div class=\"wp-block-column three animated fadeIn delay-500ms slow is-layout-flow wp-block-column-is-layout-flow\" style=\"flex-basis:50%\">\r\n<div id=\"ls-cta-block_947d44f2439a45d2bc9ad09d9daaa1f6\" class=\"ls-cta\">  \r\n    \n\n<a href=\"https:\/\/www.camping-serendipite.fr\/es\/actividades-naturaleza-cantal\/\" target=\"\" rel=\"noopener\" class=\"ls-cta__link\">\n\n\t<div class=\"ls-cta__image\"><img decoding=\"async\" src=\"https:\/\/www.camping-serendipite.fr\/wp-content\/uploads\/2023\/06\/camping-cantal-activites-aerienne-768x466.webp\" alt=\"camping cantal actividades a\u00e9reas\"><\/div>\n\t<div class=\"ls-cta__title\">\n\t\t<p>actividades en el cantal<\/p>\n\t<\/div>\n\n\t\t\n<\/a><\/div><\/div>\n<\/div>\n\n\r\n    <\/div>\r\n<\/section><section id=\"ls-section-block_9c29b1bd99d72cc8d25c7ab0396664b1\" class=\"ls-section  home-avis\" >\r\n        <div class=\"container container--wide\">\r\n        \n\n<h2 class=\"ls__heading wp-block-heading has-text-align-center deco-center\">\u00a1Prepar\u00e1ndonos <strong>para partir!<\/strong><\/h2>\n\n\n\n<div class=\"wp-block-columns is-layout-flex wp-container-core-columns-is-layout-9d6595d7 wp-block-columns-is-layout-flex\">\n<div class=\"wp-block-column is-layout-flow wp-block-column-is-layout-flow\"><div id=\"faq\"><div itemscope=\"\" itemtype=\"https:\/\/schema.org\/FAQPage\"><div class=\"faq__box\"><div class=\"faq__container\"><div class=\"faq__block\" itemscope=\"\" itemprop=\"mainEntity\" itemtype=\"https:\/\/schema.org\/Question\"><details><summary itemprop=\"name\"><p>\u00bfCu\u00e1ndo est\u00e1 abierto el camping?<\/p>\n<span class=\"plus-royan\"><\/span><\/summary><div itemscope=\"\" itemprop=\"acceptedAnswer\" itemtype=\"https:\/\/schema.org\/Answer\"><div itemprop=\"text\"><p>El camping S\u00e9rendipit\u00e9 est\u00e1 abierto todo el a\u00f1o para los Pods y el nuevo chalet \u00able Cerf\u00bb.<\/p>\n<p>El camping (caba\u00f1as y parcelas) cierra el 03\/11\/2024 y reabrir\u00e1 del 04\/04\/25 al 02\/11\/25.<\/p>\n<\/div><\/div><\/details><\/div><\/div><\/div><div class=\"faq__box\"><div class=\"faq__container\"><div class=\"faq__block\" itemscope=\"\" itemprop=\"mainEntity\" itemtype=\"https:\/\/schema.org\/Question\"><details><summary itemprop=\"name\"><p>\u00bfHay alg\u00fan acontecimiento?<\/p>\n<span class=\"plus-royan\"><\/span><\/summary><div itemscope=\"\" itemprop=\"acceptedAnswer\" itemtype=\"https:\/\/schema.org\/Answer\"><div itemprop=\"text\"><p>S\u00ed, ofrecemos una degustaci\u00f3n gratuita de quesos locales y de vez en cuando celebramos veladas de tortitas y aligot&#8230; En julio y agosto, hay varias actividades en el camping: shiatsu, yoga, landart, masajes, etc&#8230;<\/p>\n<\/div><\/div><\/details><\/div><\/div><\/div><div class=\"faq__box\"><div class=\"faq__container\"><div class=\"faq__block\" itemscope=\"\" itemprop=\"mainEntity\" itemtype=\"https:\/\/schema.org\/Question\"><details><summary itemprop=\"name\"><p>\u00bfEl wifi es gratuito y est\u00e1 disponible en toda la finca?<\/p>\n<span class=\"plus-royan\"><\/span><\/summary><div itemscope=\"\" itemprop=\"acceptedAnswer\" itemtype=\"https:\/\/schema.org\/Answer\"><div itemprop=\"text\"><p>Hay wifi gratuito en todo el camping.<\/p>\n<\/div><\/div><\/details><\/div><\/div><\/div><div class=\"faq__box\"><div class=\"faq__container\"><div class=\"faq__block\" itemscope=\"\" itemprop=\"mainEntity\" itemtype=\"https:\/\/schema.org\/Question\"><details><summary itemprop=\"name\"><p>\u00bfLas s\u00e1banas y las toallas est\u00e1n incluidas en el alojamiento?<\/p>\n<span class=\"plus-royan\"><\/span><\/summary><div itemscope=\"\" itemprop=\"acceptedAnswer\" itemtype=\"https:\/\/schema.org\/Answer\"><div itemprop=\"text\"><p>No, las s\u00e1banas y las toallas tienen un coste adicional, as\u00ed que puedes traer las tuyas.<\/p>\n<\/div><\/div><\/details><\/div><\/div><\/div><div class=\"faq__box\"><div class=\"faq__container\"><div class=\"faq__block\" itemscope=\"\" itemprop=\"mainEntity\" itemtype=\"https:\/\/schema.org\/Question\"><details><summary itemprop=\"name\"><p>\u00bfTu camping admite mascotas?<\/p>\n<span class=\"plus-royan\"><\/span><\/summary><div itemscope=\"\" itemprop=\"acceptedAnswer\" itemtype=\"https:\/\/schema.org\/Answer\"><div itemprop=\"text\"><p>S\u00ed, se admiten animales de compa\u00f1\u00eda en todas las zonas del camping, siempre que vayan sujetos con correa. Tambi\u00e9n se admiten animales de compa\u00f1\u00eda en todos nuestros alojamientos! Tus perritos ser\u00e1n recibidos con una golosina \ud83d\ude09<\/p>\n<\/div><\/div><\/details><\/div><\/div><\/div><div class=\"faq__box\"><div class=\"faq__container\"><div class=\"faq__block\" itemscope=\"\" itemprop=\"mainEntity\" itemtype=\"https:\/\/schema.org\/Question\"><details><summary itemprop=\"name\"><p>\u00bfAceptas vales de vacaciones?<\/p>\n<span class=\"plus-royan\"><\/span><\/summary><div itemscope=\"\" itemprop=\"acceptedAnswer\" itemtype=\"https:\/\/schema.org\/Answer\"><div itemprop=\"text\"><p>S\u00ed, por supuesto, no lo dudes \ud83d\ude42<\/p>\n<\/div><\/div><\/details><\/div><\/div><\/div><\/div><\/div>\n<\/div>\n\n\n\n<div class=\"wp-block-column is-layout-flow wp-block-column-is-layout-flow\"><\/div>\n<\/div>\n\n\n\n<div id=\"ls-pdf-block_4893ffc5650801b1d00d03a94460ef64\" class=\"ls-pdf\">\n    <div class=\"ls-pdf__list\">\n            <\/div>\n<\/div>\n\r\n    <\/div>\r\n<\/section><section id=\"ls-section-block_7086deac2850aaddbfecc3b6cdaca95f\" class=\"ls-section  home-feed\" >\r\n        <div class=\"container container--full\">\r\n        \n\n<h2 class=\"ls__heading wp-block-heading has-text-align-center deco-oiseau\">\u00a1Sigue <strong>nuestras aventuras!<\/strong><\/h2>\n\n\n        <div\n            class=\"spotlight-instagram-feed\"\n            data-feed-var=\"88c2c953\"\n            data-analytics=\"0\"\n            data-instance=\"3662\"\n        >\n        <\/div>\n        <input type=\"hidden\" id=\"sli__f__88c2c953\" data-json='{&quot;useCase&quot;:&quot;accounts&quot;,&quot;template&quot;:&quot;row&quot;,&quot;layout&quot;:&quot;grid&quot;,&quot;numColumns&quot;:{&quot;desktop&quot;:6,&quot;phone&quot;:1,&quot;tablet&quot;:4},&quot;highlightFreq&quot;:{&quot;desktop&quot;:7},&quot;sliderNumScrollPosts&quot;:{&quot;desktop&quot;:1},&quot;sliderInfinite&quot;:true,&quot;sliderLoop&quot;:false,&quot;sliderArrowPos&quot;:{&quot;desktop&quot;:&quot;inside&quot;},&quot;sliderArrowSize&quot;:{&quot;desktop&quot;:20},&quot;sliderArrowColor&quot;:{&quot;r&quot;:255,&quot;b&quot;:255,&quot;g&quot;:255,&quot;a&quot;:1},&quot;sliderArrowBgColor&quot;:{&quot;r&quot;:0,&quot;b&quot;:0,&quot;g&quot;:0,&quot;a&quot;:0.8},&quot;sliderAutoScroll&quot;:false,&quot;sliderAutoInterval&quot;:3,&quot;postOrder&quot;:&quot;date_desc&quot;,&quot;numPosts&quot;:{&quot;desktop&quot;:6,&quot;phone&quot;:3,&quot;tablet&quot;:4},&quot;linkBehavior&quot;:{&quot;desktop&quot;:&quot;lightbox&quot;},&quot;feedWidth&quot;:{&quot;desktop&quot;:0},&quot;feedHeight&quot;:{&quot;desktop&quot;:0},&quot;feedPadding&quot;:{&quot;desktop&quot;:0,&quot;tablet&quot;:0,&quot;phone&quot;:20},&quot;imgPadding&quot;:{&quot;desktop&quot;:0,&quot;tablet&quot;:0,&quot;phone&quot;:20},&quot;textSize&quot;:{&quot;desktop&quot;:0,&quot;tablet&quot;:0,&quot;phone&quot;:0},&quot;bgColor&quot;:{&quot;r&quot;:255,&quot;g&quot;:255,&quot;b&quot;:255,&quot;a&quot;:1},&quot;hoverInfo&quot;:[&quot;likes_comments&quot;,&quot;date&quot;,&quot;insta_link&quot;],&quot;textColorHover&quot;:{&quot;r&quot;:255,&quot;g&quot;:255,&quot;b&quot;:255,&quot;a&quot;:1},&quot;bgColorHover&quot;:{&quot;r&quot;:0,&quot;g&quot;:0,&quot;b&quot;:0,&quot;a&quot;:0.5},&quot;showHeader&quot;:{&quot;desktop&quot;:false},&quot;headerInfo&quot;:{&quot;desktop&quot;:[&quot;profile_pic&quot;,&quot;bio&quot;]},&quot;headerAccount&quot;:null,&quot;headerStyle&quot;:{&quot;desktop&quot;:&quot;normal&quot;,&quot;phone&quot;:&quot;centered&quot;},&quot;headerTextSize&quot;:{&quot;desktop&quot;:0},&quot;headerPhotoSize&quot;:{&quot;desktop&quot;:50},&quot;headerTextColor&quot;:{&quot;r&quot;:0,&quot;g&quot;:0,&quot;b&quot;:0,&quot;a&quot;:1},&quot;headerBgColor&quot;:{&quot;r&quot;:255,&quot;g&quot;:255,&quot;b&quot;:255,&quot;a&quot;:1},&quot;headerPadding&quot;:{&quot;desktop&quot;:0},&quot;customProfilePic&quot;:&quot;&quot;,&quot;customBioText&quot;:&quot;&quot;,&quot;includeStories&quot;:false,&quot;storiesInterval&quot;:5,&quot;showCaptions&quot;:{&quot;desktop&quot;:false,&quot;tablet&quot;:false},&quot;captionMaxLength&quot;:{&quot;desktop&quot;:0},&quot;captionRemoveDots&quot;:false,&quot;captionSize&quot;:{&quot;desktop&quot;:0},&quot;captionColor&quot;:{&quot;r&quot;:0,&quot;g&quot;:0,&quot;b&quot;:0,&quot;a&quot;:1},&quot;showLikes&quot;:{&quot;desktop&quot;:false,&quot;tablet&quot;:false},&quot;showComments&quot;:{&quot;desktop&quot;:false,&quot;tablet&quot;:false},&quot;lcIconSize&quot;:{&quot;desktop&quot;:14},&quot;likesIconColor&quot;:{&quot;r&quot;:0,&quot;g&quot;:0,&quot;b&quot;:0,&quot;a&quot;:1},&quot;commentsIconColor&quot;:{&quot;r&quot;:0,&quot;g&quot;:0,&quot;b&quot;:0,&quot;a&quot;:1},&quot;lightboxShowSidebar&quot;:false,&quot;lightboxCtaStyle&quot;:&quot;link&quot;,&quot;lightboxCtaDesign&quot;:{&quot;text&quot;:{&quot;color&quot;:{&quot;r&quot;:0,&quot;g&quot;:0,&quot;b&quot;:0,&quot;a&quot;:1},&quot;align&quot;:&quot;center&quot;},&quot;bgColor&quot;:{&quot;r&quot;:230,&quot;g&quot;:230,&quot;b&quot;:230,&quot;a&quot;:1},&quot;border&quot;:{&quot;radius&quot;:3}},&quot;numLightboxComments&quot;:50,&quot;showLoadMoreBtn&quot;:{&quot;desktop&quot;:false},&quot;loadMoreBtnDesign&quot;:{&quot;text&quot;:{&quot;color&quot;:{&quot;r&quot;:255,&quot;g&quot;:255,&quot;b&quot;:255,&quot;a&quot;:1},&quot;align&quot;:&quot;center&quot;},&quot;border&quot;:{&quot;radius&quot;:3},&quot;bgColor&quot;:{&quot;r&quot;:0,&quot;g&quot;:149,&quot;b&quot;:246,&quot;a&quot;:1},&quot;margin&quot;:{&quot;top&quot;:0,&quot;bottom&quot;:0,&quot;left&quot;:0,&quot;right&quot;:0}},&quot;loadMoreBtnText&quot;:&quot;Load more&quot;,&quot;loadMoreBtnScroll&quot;:true,&quot;autoload&quot;:false,&quot;showFollowBtn&quot;:{&quot;desktop&quot;:false,&quot;phone&quot;:false},&quot;followBtnText&quot;:&quot;Follow on Instagram&quot;,&quot;followBtnDesign&quot;:{&quot;text&quot;:{&quot;color&quot;:{&quot;r&quot;:255,&quot;g&quot;:255,&quot;b&quot;:255,&quot;a&quot;:1},&quot;align&quot;:&quot;center&quot;},&quot;border&quot;:{&quot;radius&quot;:3},&quot;bgColor&quot;:{&quot;r&quot;:0,&quot;g&quot;:149,&quot;b&quot;:246,&quot;a&quot;:1},&quot;margin&quot;:{&quot;top&quot;:0,&quot;bottom&quot;:0,&quot;left&quot;:0,&quot;right&quot;:0}},&quot;followBtnLocation&quot;:{&quot;desktop&quot;:&quot;header&quot;,&quot;phone&quot;:&quot;bottom&quot;},&quot;alignFooterButtons&quot;:{&quot;desktop&quot;:false},&quot;customCss&quot;:&quot;\\\/* Enter your custom CSS below *\\\/\\n\\n&quot;,&quot;accounts&quot;:[598],&quot;tagged&quot;:[],&quot;hashtags&quot;:[],&quot;mediaType&quot;:&quot;all&quot;,&quot;hashtagWhitelist&quot;:[],&quot;hashtagBlacklist&quot;:[],&quot;captionWhitelist&quot;:[],&quot;captionBlacklist&quot;:[],&quot;hashtagWhitelistSettings&quot;:true,&quot;hashtagBlacklistSettings&quot;:true,&quot;captionWhitelistSettings&quot;:true,&quot;captionBlacklistSettings&quot;:true,&quot;moderation&quot;:[],&quot;moderationMode&quot;:&quot;blacklist&quot;,&quot;promosVersion&quot;:2,&quot;promosEnabled&quot;:true,&quot;globalPromosEnabled&quot;:true,&quot;autoPromosEnabled&quot;:true,&quot;promoOverrides&quot;:[],&quot;feedPromo&quot;:{&quot;linkSource&quot;:{&quot;type&quot;:null},&quot;linkBehavior&quot;:{&quot;openNewTab&quot;:false,&quot;showPopupBox&quot;:false},&quot;linkText&quot;:&quot;&quot;},&quot;gaCampaignSource&quot;:&quot;&quot;,&quot;gaCampaignMedium&quot;:&quot;&quot;,&quot;gaCampaignName&quot;:&quot;&quot;}' \/>\n        <input type=\"hidden\" id=\"sli__a__88c2c953\" data-json='[{&quot;id&quot;:598,&quot;type&quot;:&quot;PERSONAL&quot;,&quot;userId&quot;:&quot;6329409973822644&quot;,&quot;username&quot;:&quot;campingserendipite&quot;,&quot;bio&quot;:&quot;&quot;,&quot;customBio&quot;:&quot;&quot;,&quot;profilePicUrl&quot;:&quot;&quot;,&quot;customProfilePicUrl&quot;:&quot;&quot;,&quot;mediaCount&quot;:&quot;97&quot;,&quot;followersCount&quot;:&quot;0&quot;,&quot;usages&quot;:[],&quot;creationDate&quot;:&quot;2023-06-05 07:51:22&quot;}]' \/>\n        <input type=\"hidden\" id=\"sli__m__88c2c953\" data-json='[]' \/>\n        \n\n\r\n    <\/div>\r\n<\/section>","protected":false},"excerpt":{"rendered":"","protected":false},"author":1,"featured_media":0,"parent":0,"menu_order":0,"comment_status":"closed","ping_status":"closed","template":"","meta":{"_acf_changed":false,"inline_featured_image":false,"footnotes":""},"sujet":[],"class_list":["post-3662","page","type-page","status-publish","hentry"],"acf":[],"yoast_head":"<!-- This site is optimized with the Yoast SEO plugin v24.7 - https:\/\/yoast.com\/wordpress\/plugins\/seo\/ -->\n<title>Camping S\u00e9rendipit\u00e9 cerca de los volcanes de Auvernia | Camping Cantal<\/title>\n<meta name=\"robots\" content=\"index, follow, max-snippet:-1, max-image-preview:large, max-video-preview:-1\" \/>\n<link rel=\"canonical\" href=\"https:\/\/www.camping-serendipite.fr\/es\/\" \/>\n<meta property=\"og:locale\" content=\"es_ES\" \/>\n<meta property=\"og:type\" content=\"article\" \/>\n<meta property=\"og:title\" content=\"Camping S\u00e9rendipit\u00e9 cerca de los volcanes de Auvernia | Camping Cantal\" \/>\n<meta property=\"og:url\" content=\"https:\/\/www.camping-serendipite.fr\/es\/\" \/>\n<meta property=\"og:site_name\" content=\"Camping S\u00e9rendipit\u00e9\" \/>\n<meta property=\"article:modified_time\" content=\"2025-03-15T16:33:33+00:00\" \/>\n<meta property=\"og:image\" content=\"https:\/\/www.camping-serendipite.fr\/wp-content\/uploads\/2023\/05\/camping-serendipite-un-camping-nature-dans-le-cantal.webp\" \/>\n<meta name=\"twitter:card\" content=\"summary_large_image\" \/>\n<meta name=\"twitter:label1\" content=\"Tiempo de lectura\" \/>\n\t<meta name=\"twitter:data1\" content=\"3 minutos\" \/>\n<script type=\"application\/ld+json\" class=\"yoast-schema-graph\">{\"@context\":\"https:\/\/schema.org\",\"@graph\":[{\"@type\":\"WebPage\",\"@id\":\"https:\/\/www.camping-serendipite.fr\/es\/\",\"url\":\"https:\/\/www.camping-serendipite.fr\/es\/\",\"name\":\"Camping S\u00e9rendipit\u00e9 cerca de los volcanes de Auvernia | Camping Cantal\",\"isPartOf\":{\"@id\":\"https:\/\/www.camping-serendipite.fr\/#website\"},\"primaryImageOfPage\":{\"@id\":\"https:\/\/www.camping-serendipite.fr\/es\/#primaryimage\"},\"image\":{\"@id\":\"https:\/\/www.camping-serendipite.fr\/es\/#primaryimage\"},\"thumbnailUrl\":\"https:\/\/www.camping-serendipite.fr\/wp-content\/uploads\/2023\/05\/camping-serendipite-un-camping-nature-dans-le-cantal.webp\",\"datePublished\":\"2023-05-22T13:27:07+00:00\",\"dateModified\":\"2025-03-15T16:33:33+00:00\",\"breadcrumb\":{\"@id\":\"https:\/\/www.camping-serendipite.fr\/es\/#breadcrumb\"},\"inLanguage\":\"es\",\"potentialAction\":[{\"@type\":\"ReadAction\",\"target\":[\"https:\/\/www.camping-serendipite.fr\/es\/\"]}]},{\"@type\":\"ImageObject\",\"inLanguage\":\"es\",\"@id\":\"https:\/\/www.camping-serendipite.fr\/es\/#primaryimage\",\"url\":\"https:\/\/www.camping-serendipite.fr\/wp-content\/uploads\/2023\/05\/camping-serendipite-un-camping-nature-dans-le-cantal.webp\",\"contentUrl\":\"https:\/\/www.camping-serendipite.fr\/wp-content\/uploads\/2023\/05\/camping-serendipite-un-camping-nature-dans-le-cantal.webp\"},{\"@type\":\"BreadcrumbList\",\"@id\":\"https:\/\/www.camping-serendipite.fr\/es\/#breadcrumb\",\"itemListElement\":[{\"@type\":\"ListItem\",\"position\":1,\"name\":\"Camping Cantal\",\"item\":\"https:\/\/www.camping-serendipite.fr\/es\/\"},{\"@type\":\"ListItem\",\"position\":2,\"name\":\"Camping Cantal\"}]},{\"@type\":\"WebSite\",\"@id\":\"https:\/\/www.camping-serendipite.fr\/#website\",\"url\":\"https:\/\/www.camping-serendipite.fr\/\",\"name\":\"Camping S\u00e9rendipit\u00e9\",\"description\":\"\",\"publisher\":{\"@id\":\"https:\/\/www.camping-serendipite.fr\/#organization\"},\"potentialAction\":[{\"@type\":\"SearchAction\",\"target\":{\"@type\":\"EntryPoint\",\"urlTemplate\":\"https:\/\/www.camping-serendipite.fr\/?s={search_term_string}\"},\"query-input\":{\"@type\":\"PropertyValueSpecification\",\"valueRequired\":true,\"valueName\":\"search_term_string\"}}],\"inLanguage\":\"es\"},{\"@type\":\"Organization\",\"@id\":\"https:\/\/www.camping-serendipite.fr\/#organization\",\"name\":\"Camping S\u00e9rendipit\u00e9\",\"url\":\"https:\/\/www.camping-serendipite.fr\/\",\"logo\":{\"@type\":\"ImageObject\",\"inLanguage\":\"es\",\"@id\":\"https:\/\/www.camping-serendipite.fr\/#\/schema\/logo\/image\/\",\"url\":\"https:\/\/www.camping-serendipite.fr\/wp-content\/uploads\/2022\/06\/cropped-serendipite-camping-3-1.png\",\"contentUrl\":\"https:\/\/www.camping-serendipite.fr\/wp-content\/uploads\/2022\/06\/cropped-serendipite-camping-3-1.png\",\"width\":383,\"height\":461,\"caption\":\"Camping S\u00e9rendipit\u00e9\"},\"image\":{\"@id\":\"https:\/\/www.camping-serendipite.fr\/#\/schema\/logo\/image\/\"}}]}<\/script>\n<!-- \/ Yoast SEO plugin. -->","yoast_head_json":{"title":"Camping S\u00e9rendipit\u00e9 cerca de los volcanes de Auvernia | Camping Cantal","robots":{"index":"index","follow":"follow","max-snippet":"max-snippet:-1","max-image-preview":"max-image-preview:large","max-video-preview":"max-video-preview:-1"},"canonical":"https:\/\/www.camping-serendipite.fr\/es\/","og_locale":"es_ES","og_type":"article","og_title":"Camping S\u00e9rendipit\u00e9 cerca de los volcanes de Auvernia | Camping Cantal","og_url":"https:\/\/www.camping-serendipite.fr\/es\/","og_site_name":"Camping S\u00e9rendipit\u00e9","article_modified_time":"2025-03-15T16:33:33+00:00","og_image":[{"url":"https:\/\/www.camping-serendipite.fr\/wp-content\/uploads\/2023\/05\/camping-serendipite-un-camping-nature-dans-le-cantal.webp","type":"","width":"","height":""}],"twitter_card":"summary_large_image","twitter_misc":{"Tiempo de lectura":"3 minutos"},"schema":{"@context":"https:\/\/schema.org","@graph":[{"@type":"WebPage","@id":"https:\/\/www.camping-serendipite.fr\/es\/","url":"https:\/\/www.camping-serendipite.fr\/es\/","name":"Camping S\u00e9rendipit\u00e9 cerca de los volcanes de Auvernia | Camping Cantal","isPartOf":{"@id":"https:\/\/www.camping-serendipite.fr\/#website"},"primaryImageOfPage":{"@id":"https:\/\/www.camping-serendipite.fr\/es\/#primaryimage"},"image":{"@id":"https:\/\/www.camping-serendipite.fr\/es\/#primaryimage"},"thumbnailUrl":"https:\/\/www.camping-serendipite.fr\/wp-content\/uploads\/2023\/05\/camping-serendipite-un-camping-nature-dans-le-cantal.webp","datePublished":"2023-05-22T13:27:07+00:00","dateModified":"2025-03-15T16:33:33+00:00","breadcrumb":{"@id":"https:\/\/www.camping-serendipite.fr\/es\/#breadcrumb"},"inLanguage":"es","potentialAction":[{"@type":"ReadAction","target":["https:\/\/www.camping-serendipite.fr\/es\/"]}]},{"@type":"ImageObject","inLanguage":"es","@id":"https:\/\/www.camping-serendipite.fr\/es\/#primaryimage","url":"https:\/\/www.camping-serendipite.fr\/wp-content\/uploads\/2023\/05\/camping-serendipite-un-camping-nature-dans-le-cantal.webp","contentUrl":"https:\/\/www.camping-serendipite.fr\/wp-content\/uploads\/2023\/05\/camping-serendipite-un-camping-nature-dans-le-cantal.webp"},{"@type":"BreadcrumbList","@id":"https:\/\/www.camping-serendipite.fr\/es\/#breadcrumb","itemListElement":[{"@type":"ListItem","position":1,"name":"Camping Cantal","item":"https:\/\/www.camping-serendipite.fr\/es\/"},{"@type":"ListItem","position":2,"name":"Camping Cantal"}]},{"@type":"WebSite","@id":"https:\/\/www.camping-serendipite.fr\/#website","url":"https:\/\/www.camping-serendipite.fr\/","name":"Camping S\u00e9rendipit\u00e9","description":"","publisher":{"@id":"https:\/\/www.camping-serendipite.fr\/#organization"},"potentialAction":[{"@type":"SearchAction","target":{"@type":"EntryPoint","urlTemplate":"https:\/\/www.camping-serendipite.fr\/?s={search_term_string}"},"query-input":{"@type":"PropertyValueSpecification","valueRequired":true,"valueName":"search_term_string"}}],"inLanguage":"es"},{"@type":"Organization","@id":"https:\/\/www.camping-serendipite.fr\/#organization","name":"Camping S\u00e9rendipit\u00e9","url":"https:\/\/www.camping-serendipite.fr\/","logo":{"@type":"ImageObject","inLanguage":"es","@id":"https:\/\/www.camping-serendipite.fr\/#\/schema\/logo\/image\/","url":"https:\/\/www.camping-serendipite.fr\/wp-content\/uploads\/2022\/06\/cropped-serendipite-camping-3-1.png","contentUrl":"https:\/\/www.camping-serendipite.fr\/wp-content\/uploads\/2022\/06\/cropped-serendipite-camping-3-1.png","width":383,"height":461,"caption":"Camping S\u00e9rendipit\u00e9"},"image":{"@id":"https:\/\/www.camping-serendipite.fr\/#\/schema\/logo\/image\/"}}]}},"_links":{"self":[{"href":"https:\/\/www.camping-serendipite.fr\/es\/wp-json\/wp\/v2\/pages\/3662","targetHints":{"allow":["GET"]}}],"collection":[{"href":"https:\/\/www.camping-serendipite.fr\/es\/wp-json\/wp\/v2\/pages"}],"about":[{"href":"https:\/\/www.camping-serendipite.fr\/es\/wp-json\/wp\/v2\/types\/page"}],"author":[{"embeddable":true,"href":"https:\/\/www.camping-serendipite.fr\/es\/wp-json\/wp\/v2\/users\/1"}],"replies":[{"embeddable":true,"href":"https:\/\/www.camping-serendipite.fr\/es\/wp-json\/wp\/v2\/comments?post=3662"}],"version-history":[{"count":5,"href":"https:\/\/www.camping-serendipite.fr\/es\/wp-json\/wp\/v2\/pages\/3662\/revisions"}],"predecessor-version":[{"id":4300,"href":"https:\/\/www.camping-serendipite.fr\/es\/wp-json\/wp\/v2\/pages\/3662\/revisions\/4300"}],"wp:attachment":[{"href":"https:\/\/www.camping-serendipite.fr\/es\/wp-json\/wp\/v2\/media?parent=3662"}],"wp:term":[{"taxonomy":"sujet","embeddable":true,"href":"https:\/\/www.camping-serendipite.fr\/es\/wp-json\/wp\/v2\/sujet?post=3662"}],"curies":[{"name":"wp","href":"https:\/\/api.w.org\/{rel}","templated":true}]}}