{"id":3228,"date":"2023-05-22T16:35:54","date_gmt":"2023-05-22T14:35:54","guid":{"rendered":"https:\/\/www.camping-serendipite.fr\/camping-abierto-ano-cantal\/"},"modified":"2025-02-10T15:43:02","modified_gmt":"2025-02-10T14:43:02","slug":"camping-abierto-ano-cantal","status":"publish","type":"page","link":"https:\/\/www.camping-serendipite.fr\/es\/camping-abierto-ano-cantal\/","title":{"rendered":"4 temporadas"},"content":{"rendered":"<section id=\"ski\" class=\"ls-section  page-chapeau has-p-b p-b-0\" >\r\n        <div class=\"container \">\r\n        \n\n<h1 class=\"ls__heading wp-block-heading has-text-align-center deco-center\">CHALET Y PODS ABIERTOS TODO EL A\u00d1O cerca <strong>del Parque de<\/strong><strong>Aubrac y los volcanes de Auvernia<\/strong><\/h1>\n\n\r\n    <\/div>\r\n<\/section>\n<p class=\"ls-paragraph has-text-align-center\">Las caba\u00f1as y parcelas de acampada estar\u00e1n cerradas del 03 de noviembre de 2024 al 03 de abril de 2025, ambos inclusive.<\/p>\n<section id=\"ls-section-block_be6eae4d8966e998753ae2b310890a0b\" class=\"ls-section  fond-one has-p-t p-t-0 has-p-b p-b-18\" >\r\n        <div class=\"container container--wide\">\r\n        \n\n<div class=\"wp-block-columns is-layout-flex wp-container-core-columns-is-layout-9d6595d7 wp-block-columns-is-layout-flex\">\n<div class=\"wp-block-column is-vertically-aligned-center is-layout-flow wp-block-column-is-layout-flow\" style=\"flex-basis:60%\">\n<figure class=\"wp-block-image size-large animated fadeInLeft delay-100ms slow\"><a href=\"https:\/\/www.camping-serendipite.fr\/wp-content\/uploads\/2023\/06\/vacances-ski-aubrac.webp\"><img decoding=\"async\" width=\"1024\" height=\"683\" src=\"https:\/\/www.camping-serendipite.fr\/wp-content\/uploads\/2023\/06\/vacances-ski-aubrac-1024x683.webp\" alt=\"vacaciones esqu&#xED; aubrac\" class=\"wp-image-974\" srcset=\"https:\/\/www.camping-serendipite.fr\/wp-content\/uploads\/2023\/06\/vacances-ski-aubrac-1024x683.webp 1024w, https:\/\/www.camping-serendipite.fr\/wp-content\/uploads\/2023\/06\/vacances-ski-aubrac-300x200.webp 300w, https:\/\/www.camping-serendipite.fr\/wp-content\/uploads\/2023\/06\/vacances-ski-aubrac-768x512.webp 768w, https:\/\/www.camping-serendipite.fr\/wp-content\/uploads\/2023\/06\/vacances-ski-aubrac.webp 1350w\" sizes=\"(max-width: 1024px) 100vw, 1024px\" \/><\/a><\/figure>\n<\/div>\n\n\n\n<div class=\"wp-block-column is-vertically-aligned-center is-layout-flow wp-block-column-is-layout-flow\" style=\"flex-basis:40%\">\n<h2 class=\"ls__heading wp-block-heading deco\" id=\"ski\">Tu camping ideal <strong>para unas vacaciones de esqu\u00ed<\/strong><\/h2>\n\n\n\n<p class=\"ls-paragraph\"><a href=\"https:\/\/www.camping-serendipite.fr\/es\/\">El camping S\u00e9rendipit\u00e9<\/a> est\u00e1 idealmente situado para <strong>esquiar<\/strong>, pero alejado del turismo de masas de <strong>los<\/strong> <strong>pueblos de<\/strong> <strong>la estaci\u00f3n<\/strong>. Est\u00e1 a s\u00f3lo 20 minutos en coche de la <strong>zona de esqu\u00ed<\/strong> <strong>de Prat-de-Bouc<\/strong>, que est\u00e1 unida a la estaci\u00f3n de Lioran. Esto te da acceso al mayor dominio esquiable del Macizo Central.  <\/p>\n\n\n\n<p class=\"ls-paragraph\">El Col de Prat-de-Bouc tambi\u00e9n cuenta con una amplia <strong>zona<\/strong> <strong>n\u00f3rdica<\/strong> para <strong>practicar esqu\u00ed de fondo<\/strong> y <strong>senderismo<\/strong> <strong>con raquetas de nieve<\/strong>. Tambi\u00e9n puedes probar el <strong>biatl\u00f3n<\/strong>.   <\/p>\n\n\n\n<p class=\"ls-paragraph\">En la estaci\u00f3n de Prat-de-Bouc, podr\u00e1s disfrutar de una <strong>vista impresionante del Plomb du Cantal<\/strong>, alquilar tu material y comer in situ.<\/p>\n\n\n\n<p class=\"ls-paragraph\">El camping S\u00e9rendipit\u00e9 est\u00e1 cerca de las pistas, \u00a1as\u00ed que podr\u00e1s volver r\u00e1pidamente a tu alojamiento de alquiler despu\u00e9s de un d\u00eda en las pistas!<\/p>\n<\/div>\n<\/div>\n\n\r\n    <\/div>\r\n<\/section><section id=\"services\" class=\"ls-section  home-ecologie-image home-ecologie has-background-image has-parallax has-p-t p-t-15 has-p-b p-b-15\" >\r\n    <div class=\"ls-section__background-image opacity-77\"><img decoding=\"async\" src=\"https:\/\/www.camping-serendipite.fr\/wp-content\/uploads\/2022\/06\/camping-thermes-curistes-cantal-detente.webp\" alt=\"camping thermes curistes cantal\"><\/div>    <div class=\"container container--full\">\r\n        \n\n<div class=\"wp-block-columns is-layout-flex wp-container-core-columns-is-layout-9d6595d7 wp-block-columns-is-layout-flex\">\n<div class=\"wp-block-column is-vertically-aligned-center first is-layout-flow wp-block-column-is-layout-flow\">\n<div id=\"ls-heading ls-titre-div-block_c28fbbc76b27421d02fa330386aa0267\" class=\"ls-titre-div titre-blob aligncenter h2-like has-text-color has-color-2-color\" >\n    Un tratamiento de spa<\/div>\n<\/div>\n\n\n\n<div class=\"wp-block-column second has-color-1-background-color has-background is-layout-flow wp-block-column-is-layout-flow\" style=\"flex-basis:60%\">\n<h2 class=\"ls__heading wp-block-heading has-text-align-center deco\">Tu alojamiento cerca de balnearios<\/h2>\n\n\n\n<p class=\"ls-paragraph\">El camping S\u00e9rendipit\u00e9 est\u00e1 a s\u00f3lo 10 minutos del <strong>balneario<\/strong> <strong>de Caleden<\/strong>, en Chaudes-Aigues. Este balneario est\u00e1 equipado con un <strong>centro<\/strong> <strong>termol\u00fadico<\/strong>, una <strong>zona de <\/strong> <strong>fitness<\/strong> y, por supuesto, ofrece <strong>curas<\/strong> <strong>termales<\/strong>. El centro extrae el agua del manantial Par, que emerge a 82\u00b0, \u00a1lo que lo convierte en el manantial m\u00e1s caliente de Europa! El centro est\u00e1 especializado en <strong>curas<\/strong> <strong>m\u00e9dicas<\/strong> <strong>reumatol\u00f3gicas<\/strong>, pero tambi\u00e9n ofrece <strong>curas<\/strong> <strong>gratuitas<\/strong> de 6 a 12 d\u00edas, especialmente \u00fatiles para la recuperaci\u00f3n deportiva.   <\/p>\n\n\n\n<p class=\"ls-paragraph\">Durante una cura, el descanso es esencial: el camping S\u00e9rendipit\u00e9 es tan tranquilo que es el lugar ideal para alojarse. Adem\u00e1s, puedes beneficiarte de nuestra <strong>tarifa<\/strong> <strong>especial<\/strong> <strong>para curistas<\/strong> <strong>de<\/strong> <strong>-10%<\/strong> en tu estancia. <\/p>\n\n\n\n<p class=\"ls-paragraph\">El complejo de Caleden tambi\u00e9n ofrece una serie de <strong>tratamientos<\/strong>, perfectos para los excursionistas que quieran relajarse y recuperarse tras una larga jornada: ba\u00f1eras de hidromasaje, masajes, duchas de chorros, etc.<\/p>\n<\/div>\n<\/div>\n\n\r\n    <\/div>\r\n<\/section><section id=\"ls-section-block_a1219273bd7a0a3d5e9d07739491a420\" class=\"ls-section  page-maillage\" >\r\n        <div class=\"container container--wide\">\r\n        \n\n<div id=\"ls-heading ls-titre-div-block_61043f7695bca0b0c3699558945917c7\" class=\"ls-titre-div deco-flower aligncenter h2-like\" >\n    Visita el camping, nuestros alojamientos y las actividades cercanas<\/div>\n\n\n<div id=\"ls-maillage-block_afe29a72da5769526689a3541b3d9038\" class=\"ls-maillage cta-style-normal\" data-rows=\"3\">\r\n    <div class=\"wp-block-columns\"><div class=\"wp-block-column\">\n\n<a href=\"https:\/\/www.camping-serendipite.fr\/es\/actividades-naturaleza-cantal\/\" target=\"\" rel=\"noopener\" class=\"ls-cta__link\">\n\n\t<div class=\"ls-cta__image\"><img decoding=\"async\" src=\"https:\/\/www.camping-serendipite.fr\/wp-content\/uploads\/2023\/06\/camping-cantal-parc-naturel-aubrac-randonnee-e1687340421775-768x575.webp\" alt=\"camping cantal parc naturel aubrac randonnee\"><\/div>\n\t<div class=\"ls-cta__title\">\n\t\tActividades en la naturaleza\t<\/div>\n\n\t\t\n<\/a><\/div><div class=\"wp-block-column\">\n\n<a href=\"https:\/\/www.camping-serendipite.fr\/es\/alquiler-alojamiento-cantal\/\" target=\"\" rel=\"noopener\" class=\"ls-cta__link\">\n\n\t<div class=\"ls-cta__image\"><img decoding=\"async\" src=\"https:\/\/www.camping-serendipite.fr\/wp-content\/uploads\/2023\/06\/location-chalets-cantal-768x576.webp\" alt=\"alquiler chalet cantal\"><\/div>\n\t<div class=\"ls-cta__title\">\n\t\tChalets y caba\u00f1as\t<\/div>\n\n\t\t\n<\/a><\/div><div class=\"wp-block-column\">\n\n<a href=\"https:\/\/www.camping-serendipite.fr\/es\/camping-familiar-cantal\/\" target=\"\" rel=\"noopener\" class=\"ls-cta__link\">\n\n\t<div class=\"ls-cta__image\"><img decoding=\"async\" src=\"https:\/\/www.camping-serendipite.fr\/wp-content\/uploads\/2023\/06\/camping-proche-parc-naturel-aubrac-768x576.webp\" alt=\"camping cerca del parque natural de aubrac\"><\/div>\n\t<div class=\"ls-cta__title\">\n\t\tEl camping\t<\/div>\n\n\t\t\n<\/a><\/div><\/div><\/div>\n\r\n    <\/div>\r\n<\/section>","protected":false},"excerpt":{"rendered":"<p>Las caba\u00f1as y parcelas de acampada estar\u00e1n cerradas del 03 de noviembre de 2024 al 03 de abril de 2025, ambos inclusive.<\/p>\n","protected":false},"author":1,"featured_media":3234,"parent":0,"menu_order":0,"comment_status":"closed","ping_status":"closed","template":"","meta":{"_acf_changed":false,"inline_featured_image":false,"footnotes":""},"sujet":[],"class_list":["post-3228","page","type-page","status-publish","has-post-thumbnail","hentry"],"acf":[],"yoast_head":"<!-- This site is optimized with the Yoast SEO plugin v24.7 - https:\/\/yoast.com\/wordpress\/plugins\/seo\/ -->\n<title>Camping todo el a\u00f1o Auvernia | Camping todas las estaciones Cantal<\/title>\n<meta name=\"robots\" content=\"index, follow, max-snippet:-1, max-image-preview:large, max-video-preview:-1\" \/>\n<link rel=\"canonical\" href=\"https:\/\/www.camping-serendipite.fr\/es\/camping-abierto-ano-cantal\/\" \/>\n<meta property=\"og:locale\" content=\"es_ES\" \/>\n<meta property=\"og:type\" content=\"article\" \/>\n<meta property=\"og:title\" content=\"Camping todo el a\u00f1o Auvernia | Camping todas las estaciones Cantal\" \/>\n<meta property=\"og:description\" content=\"Las caba\u00f1as y parcelas de acampada estar\u00e1n cerradas del 03 de noviembre de 2024 al 03 de abril de 2025, ambos inclusive.\" \/>\n<meta property=\"og:url\" content=\"https:\/\/www.camping-serendipite.fr\/es\/camping-abierto-ano-cantal\/\" \/>\n<meta property=\"og:site_name\" content=\"Camping S\u00e9rendipit\u00e9\" \/>\n<meta property=\"article:modified_time\" content=\"2025-02-10T14:43:02+00:00\" \/>\n<meta property=\"og:image\" content=\"https:\/\/www.camping-serendipite.fr\/wp-content\/uploads\/2022\/06\/camping-hiver-cantal-vacances.webp\" \/>\n\t<meta property=\"og:image:width\" content=\"2000\" \/>\n\t<meta property=\"og:image:height\" content=\"1500\" \/>\n\t<meta property=\"og:image:type\" content=\"image\/webp\" \/>\n<meta name=\"twitter:card\" content=\"summary_large_image\" \/>\n<meta name=\"twitter:label1\" content=\"Tiempo de lectura\" \/>\n\t<meta name=\"twitter:data1\" content=\"2 minutos\" \/>\n<script type=\"application\/ld+json\" class=\"yoast-schema-graph\">{\"@context\":\"https:\/\/schema.org\",\"@graph\":[{\"@type\":\"WebPage\",\"@id\":\"https:\/\/www.camping-serendipite.fr\/es\/camping-abierto-ano-cantal\/\",\"url\":\"https:\/\/www.camping-serendipite.fr\/es\/camping-abierto-ano-cantal\/\",\"name\":\"Camping todo el a\u00f1o Auvernia | Camping todas las estaciones Cantal\",\"isPartOf\":{\"@id\":\"https:\/\/www.camping-serendipite.fr\/#website\"},\"primaryImageOfPage\":{\"@id\":\"https:\/\/www.camping-serendipite.fr\/es\/camping-abierto-ano-cantal\/#primaryimage\"},\"image\":{\"@id\":\"https:\/\/www.camping-serendipite.fr\/es\/camping-abierto-ano-cantal\/#primaryimage\"},\"thumbnailUrl\":\"https:\/\/www.camping-serendipite.fr\/wp-content\/uploads\/2022\/06\/camping-hiver-cantal-vacances.webp\",\"datePublished\":\"2023-05-22T14:35:54+00:00\",\"dateModified\":\"2025-02-10T14:43:02+00:00\",\"breadcrumb\":{\"@id\":\"https:\/\/www.camping-serendipite.fr\/es\/camping-abierto-ano-cantal\/#breadcrumb\"},\"inLanguage\":\"es\",\"potentialAction\":[{\"@type\":\"ReadAction\",\"target\":[\"https:\/\/www.camping-serendipite.fr\/es\/camping-abierto-ano-cantal\/\"]}]},{\"@type\":\"ImageObject\",\"inLanguage\":\"es\",\"@id\":\"https:\/\/www.camping-serendipite.fr\/es\/camping-abierto-ano-cantal\/#primaryimage\",\"url\":\"https:\/\/www.camping-serendipite.fr\/wp-content\/uploads\/2022\/06\/camping-hiver-cantal-vacances.webp\",\"contentUrl\":\"https:\/\/www.camping-serendipite.fr\/wp-content\/uploads\/2022\/06\/camping-hiver-cantal-vacances.webp\",\"width\":2000,\"height\":1500,\"caption\":\"camping de invierno cantal vacances\"},{\"@type\":\"BreadcrumbList\",\"@id\":\"https:\/\/www.camping-serendipite.fr\/es\/camping-abierto-ano-cantal\/#breadcrumb\",\"itemListElement\":[{\"@type\":\"ListItem\",\"position\":1,\"name\":\"Camping Cantal\",\"item\":\"https:\/\/www.camping-serendipite.fr\/es\/\"},{\"@type\":\"ListItem\",\"position\":2,\"name\":\"Camping todo el a\u00f1o en el Cantal\"}]},{\"@type\":\"WebSite\",\"@id\":\"https:\/\/www.camping-serendipite.fr\/#website\",\"url\":\"https:\/\/www.camping-serendipite.fr\/\",\"name\":\"Camping S\u00e9rendipit\u00e9\",\"description\":\"\",\"publisher\":{\"@id\":\"https:\/\/www.camping-serendipite.fr\/#organization\"},\"potentialAction\":[{\"@type\":\"SearchAction\",\"target\":{\"@type\":\"EntryPoint\",\"urlTemplate\":\"https:\/\/www.camping-serendipite.fr\/?s={search_term_string}\"},\"query-input\":{\"@type\":\"PropertyValueSpecification\",\"valueRequired\":true,\"valueName\":\"search_term_string\"}}],\"inLanguage\":\"es\"},{\"@type\":\"Organization\",\"@id\":\"https:\/\/www.camping-serendipite.fr\/#organization\",\"name\":\"Camping S\u00e9rendipit\u00e9\",\"url\":\"https:\/\/www.camping-serendipite.fr\/\",\"logo\":{\"@type\":\"ImageObject\",\"inLanguage\":\"es\",\"@id\":\"https:\/\/www.camping-serendipite.fr\/#\/schema\/logo\/image\/\",\"url\":\"https:\/\/www.camping-serendipite.fr\/wp-content\/uploads\/2022\/06\/cropped-serendipite-camping-3-1.png\",\"contentUrl\":\"https:\/\/www.camping-serendipite.fr\/wp-content\/uploads\/2022\/06\/cropped-serendipite-camping-3-1.png\",\"width\":383,\"height\":461,\"caption\":\"Camping S\u00e9rendipit\u00e9\"},\"image\":{\"@id\":\"https:\/\/www.camping-serendipite.fr\/#\/schema\/logo\/image\/\"}}]}<\/script>\n<!-- \/ Yoast SEO plugin. -->","yoast_head_json":{"title":"Camping todo el a\u00f1o Auvernia | Camping todas las estaciones Cantal","robots":{"index":"index","follow":"follow","max-snippet":"max-snippet:-1","max-image-preview":"max-image-preview:large","max-video-preview":"max-video-preview:-1"},"canonical":"https:\/\/www.camping-serendipite.fr\/es\/camping-abierto-ano-cantal\/","og_locale":"es_ES","og_type":"article","og_title":"Camping todo el a\u00f1o Auvernia | Camping todas las estaciones Cantal","og_description":"Las caba\u00f1as y parcelas de acampada estar\u00e1n cerradas del 03 de noviembre de 2024 al 03 de abril de 2025, ambos inclusive.","og_url":"https:\/\/www.camping-serendipite.fr\/es\/camping-abierto-ano-cantal\/","og_site_name":"Camping S\u00e9rendipit\u00e9","article_modified_time":"2025-02-10T14:43:02+00:00","og_image":[{"width":2000,"height":1500,"url":"https:\/\/www.camping-serendipite.fr\/wp-content\/uploads\/2022\/06\/camping-hiver-cantal-vacances.webp","type":"image\/webp"}],"twitter_card":"summary_large_image","twitter_misc":{"Tiempo de lectura":"2 minutos"},"schema":{"@context":"https:\/\/schema.org","@graph":[{"@type":"WebPage","@id":"https:\/\/www.camping-serendipite.fr\/es\/camping-abierto-ano-cantal\/","url":"https:\/\/www.camping-serendipite.fr\/es\/camping-abierto-ano-cantal\/","name":"Camping todo el a\u00f1o Auvernia | Camping todas las estaciones Cantal","isPartOf":{"@id":"https:\/\/www.camping-serendipite.fr\/#website"},"primaryImageOfPage":{"@id":"https:\/\/www.camping-serendipite.fr\/es\/camping-abierto-ano-cantal\/#primaryimage"},"image":{"@id":"https:\/\/www.camping-serendipite.fr\/es\/camping-abierto-ano-cantal\/#primaryimage"},"thumbnailUrl":"https:\/\/www.camping-serendipite.fr\/wp-content\/uploads\/2022\/06\/camping-hiver-cantal-vacances.webp","datePublished":"2023-05-22T14:35:54+00:00","dateModified":"2025-02-10T14:43:02+00:00","breadcrumb":{"@id":"https:\/\/www.camping-serendipite.fr\/es\/camping-abierto-ano-cantal\/#breadcrumb"},"inLanguage":"es","potentialAction":[{"@type":"ReadAction","target":["https:\/\/www.camping-serendipite.fr\/es\/camping-abierto-ano-cantal\/"]}]},{"@type":"ImageObject","inLanguage":"es","@id":"https:\/\/www.camping-serendipite.fr\/es\/camping-abierto-ano-cantal\/#primaryimage","url":"https:\/\/www.camping-serendipite.fr\/wp-content\/uploads\/2022\/06\/camping-hiver-cantal-vacances.webp","contentUrl":"https:\/\/www.camping-serendipite.fr\/wp-content\/uploads\/2022\/06\/camping-hiver-cantal-vacances.webp","width":2000,"height":1500,"caption":"camping de invierno cantal vacances"},{"@type":"BreadcrumbList","@id":"https:\/\/www.camping-serendipite.fr\/es\/camping-abierto-ano-cantal\/#breadcrumb","itemListElement":[{"@type":"ListItem","position":1,"name":"Camping Cantal","item":"https:\/\/www.camping-serendipite.fr\/es\/"},{"@type":"ListItem","position":2,"name":"Camping todo el a\u00f1o en el Cantal"}]},{"@type":"WebSite","@id":"https:\/\/www.camping-serendipite.fr\/#website","url":"https:\/\/www.camping-serendipite.fr\/","name":"Camping S\u00e9rendipit\u00e9","description":"","publisher":{"@id":"https:\/\/www.camping-serendipite.fr\/#organization"},"potentialAction":[{"@type":"SearchAction","target":{"@type":"EntryPoint","urlTemplate":"https:\/\/www.camping-serendipite.fr\/?s={search_term_string}"},"query-input":{"@type":"PropertyValueSpecification","valueRequired":true,"valueName":"search_term_string"}}],"inLanguage":"es"},{"@type":"Organization","@id":"https:\/\/www.camping-serendipite.fr\/#organization","name":"Camping S\u00e9rendipit\u00e9","url":"https:\/\/www.camping-serendipite.fr\/","logo":{"@type":"ImageObject","inLanguage":"es","@id":"https:\/\/www.camping-serendipite.fr\/#\/schema\/logo\/image\/","url":"https:\/\/www.camping-serendipite.fr\/wp-content\/uploads\/2022\/06\/cropped-serendipite-camping-3-1.png","contentUrl":"https:\/\/www.camping-serendipite.fr\/wp-content\/uploads\/2022\/06\/cropped-serendipite-camping-3-1.png","width":383,"height":461,"caption":"Camping S\u00e9rendipit\u00e9"},"image":{"@id":"https:\/\/www.camping-serendipite.fr\/#\/schema\/logo\/image\/"}}]}},"_links":{"self":[{"href":"https:\/\/www.camping-serendipite.fr\/es\/wp-json\/wp\/v2\/pages\/3228","targetHints":{"allow":["GET"]}}],"collection":[{"href":"https:\/\/www.camping-serendipite.fr\/es\/wp-json\/wp\/v2\/pages"}],"about":[{"href":"https:\/\/www.camping-serendipite.fr\/es\/wp-json\/wp\/v2\/types\/page"}],"author":[{"embeddable":true,"href":"https:\/\/www.camping-serendipite.fr\/es\/wp-json\/wp\/v2\/users\/1"}],"replies":[{"embeddable":true,"href":"https:\/\/www.camping-serendipite.fr\/es\/wp-json\/wp\/v2\/comments?post=3228"}],"version-history":[{"count":3,"href":"https:\/\/www.camping-serendipite.fr\/es\/wp-json\/wp\/v2\/pages\/3228\/revisions"}],"predecessor-version":[{"id":3793,"href":"https:\/\/www.camping-serendipite.fr\/es\/wp-json\/wp\/v2\/pages\/3228\/revisions\/3793"}],"wp:featuredmedia":[{"embeddable":true,"href":"https:\/\/www.camping-serendipite.fr\/es\/wp-json\/wp\/v2\/media\/3234"}],"wp:attachment":[{"href":"https:\/\/www.camping-serendipite.fr\/es\/wp-json\/wp\/v2\/media?parent=3228"}],"wp:term":[{"taxonomy":"sujet","embeddable":true,"href":"https:\/\/www.camping-serendipite.fr\/es\/wp-json\/wp\/v2\/sujet?post=3228"}],"curies":[{"name":"wp","href":"https:\/\/api.w.org\/{rel}","templated":true}]}}